{"id":820,"date":"2022-04-19T10:16:33","date_gmt":"2022-04-19T10:16:33","guid":{"rendered":"https:\/\/tessel-les.com\/politica-de-privacidad\/"},"modified":"2022-11-10T19:09:58","modified_gmt":"2022-11-10T19:09:58","slug":"politica-de-privacidad","status":"publish","type":"page","link":"https:\/\/tessel-les.com\/fr\/politica-de-privacidad\/","title":{"rendered":"Pol\u00edtica de privacidad"},"content":{"rendered":"<h2>Politique de confidentialit\u00e9<\/h2>\n<h3>1. Identifier les donn\u00e9es<\/h3>\n<p>Geinco Projet Management, SL, ci-apr\u00e8s d\u00e9nomm\u00e9 GEINCO, propri\u00e9taire du domaine web www.geincogrupo.com, dont l&#8217;adresse est, \u00e0 ces fins, C\/ Periodista Jos\u00e9 Ombuena, 5-5-D 46010 Valencia, avec le num\u00e9ro C.I.F. : B98684319 et l&#8217;adresse \u00e9lectronique de contact : hola@tessel-les.com.<\/p>\n<h3>2. Protection des donn\u00e9es<\/h3>\n<p>GEINCO, conform\u00e9ment \u00e0 la loi organique 3\/2018, du 5 d\u00e9cembre, sur la protection des donn\u00e9es personnelles et la garantie des droits num\u00e9riques, et au RGPD, assure l&#8217;utilisation et le traitement corrects des donn\u00e9es personnelles de ceux qui naviguent sur ce site web. \u00c0 cette fin, avec chaque formulaire de collecte de donn\u00e9es personnelles, dans les services que chaque utilisateur peut demander \u00e0 GEINCO, il informera ladite personne de l&#8217;existence et de l&#8217;acceptation des conditions sp\u00e9cifiques de traitement de ses donn\u00e9es dans chaque cas, en l&#8217;informant de la responsabilit\u00e9 du fichier cr\u00e9\u00e9, de l&#8217;adresse du responsable, de la possibilit\u00e9 d&#8217;exercer ses droits, de la finalit\u00e9 du traitement et des communications de donn\u00e9es \u00e0 des tiers, le cas \u00e9ch\u00e9ant.<\/p>\n<h3>3. Adresses IP<\/h3>\n<p>Les serveurs du site web peuvent d\u00e9tecter automatiquement l&#8217;adresse IP et le nom de domaine utilis\u00e9s par l&#8217;utilisateur. Une adresse IP est un num\u00e9ro automatiquement attribu\u00e9 \u00e0 un ordinateur lorsqu&#8217;il se connecte \u00e0 Internet. Toutes ces informations sont enregistr\u00e9es dans un fichier d&#8217;activit\u00e9 du serveur d\u00fbment enregistr\u00e9 qui permet le traitement ult\u00e9rieur des donn\u00e9es afin d&#8217;obtenir des mesures purement statistiques qui permettent de conna\u00eetre le nombre d&#8217;impressions de pages, le nombre de visites effectu\u00e9es sur les services web, l&#8217;ordre des visites, le point d&#8217;acc\u00e8s, etc.<\/p>\n<h3>4. S\u00e9curit\u00e9<\/h3>\n<p>Le site web utilise des techniques de s\u00e9curit\u00e9 de l&#8217;information g\u00e9n\u00e9ralement accept\u00e9es dans le secteur, telles que des pare-feu, des proc\u00e9dures de contr\u00f4le d&#8217;acc\u00e8s et des m\u00e9canismes cryptographiques, dans le but d&#8217;emp\u00eacher tout acc\u00e8s non autoris\u00e9 aux donn\u00e9es. A cette fin, l&#8217;utilisateur\/client accepte express\u00e9ment que le prestataire puisse collecter des donn\u00e9es \u00e0 des fins d&#8217;authentification des contr\u00f4les d&#8217;acc\u00e8s. Tous les processus contractuels ou impliquant l&#8217;introduction de donn\u00e9es personnelles d&#8217;une cat\u00e9gorie particuli\u00e8re telles que les donn\u00e9es de sant\u00e9, l&#8217;id\u00e9ologie, etc. seront toujours transmis au moyen d&#8217;un protocole de communication s\u00e9curis\u00e9 (Https:\/\/,&#8230;), de sorte qu&#8217;aucun tiers n&#8217;ait acc\u00e8s aux informations transmises par voie \u00e9lectronique.<\/p>\n<h3>5. Mineurs<\/h3>\n<p>Une personne \u00e2g\u00e9e de moins de 14 ans ne doit pas transf\u00e9rer ses donn\u00e9es personnelles \u00e0 GEINCO sans le consentement pr\u00e9alable de ses parents ou de son tuteur l\u00e9gal. Avec la publication du GDPR, l&#8217;\u00e2ge pour consentir au transfert de donn\u00e9es personnelles est fix\u00e9 entre 16 et 13 ans ; en Espagne, depuis l&#8217;entr\u00e9e en vigueur de la LOPD-GDD, il est fix\u00e9 \u00e0 14 ans. Dans l&#8217;hypoth\u00e8se o\u00f9 GEINCO d\u00e9tecterait sur le site des utilisateurs susceptibles d&#8217;\u00eatre \u00e2g\u00e9s de moins de 14 ans, elle se r\u00e9serve le droit de demander une copie de leur carte d&#8217;identit\u00e9 ou, le cas \u00e9ch\u00e9ant, l&#8217;autorisation de leur p\u00e8re, m\u00e8re ou tuteur l\u00e9gal, et mettra fin \u00e0 leur inscription s&#8217;ils ne fournissent pas la preuve du respect de cette exigence ou ne r\u00e9pondent pas.<\/p>\n<h3>6. Exercice des droits<\/h3>\n<p>L&#8217;internaute peut \u00e0 tout moment modifier ses pr\u00e9f\u00e9rences en mati\u00e8re d&#8217;envois commerciaux et exercer les droits que lui conf\u00e8re la r\u00e9glementation en envoyant une communication \u00e9crite \u00e0 GEINCO, \u00e0 l&#8217;adresse postale C\/ Periodista Jos\u00e9 Ombuena, 5-5-D 46010 Valencia ou par e-mail \u00e0 hola@tessel-les.com.En. Dans les deux cas, l&#8217;internaute devra joindre une copie de sa carte d&#8217;identit\u00e9, de son passeport ou d&#8217;un document similaire.<\/p>\n<ul>\n<li>ACC\u00c8S : Obtenir la confirmation que les donn\u00e9es les concernant sont trait\u00e9es.<\/li>\n<li>DELETE : Obtenir la suppression de vos donn\u00e9es.<\/li>\n<li>RECTIFICATION : Modifier les donn\u00e9es inexactes, erron\u00e9es ou incompl\u00e8tes.<\/li>\n<li>PORTABILIT\u00c9 : Recevoir de GEINCO les donn\u00e9es personnelles le concernant et les transmettre \u00e0 un autre responsable de traitement.<\/li>\n<li>OPPOSITION : S&#8217;opposer \u00e0 ce que les donn\u00e9es personnelles le concernant soient trait\u00e9es sur la base de la r\u00e9alisation de finalit\u00e9s d&#8217;int\u00e9r\u00eat public, ou d&#8217;int\u00e9r\u00eat l\u00e9gitime pour le responsable du traitement.<\/li>\n<li>LIMITATION DU TRAITEMENT : Obtenez du responsable du traitement des donn\u00e9es la limitation du traitement des donn\u00e9es. Vous pouvez \u00e9galement utiliser les mod\u00e8les et formulaires disponibles sur le site de l&#8217;AEPD pour exercer ces droits.<\/li>\n<\/ul>\n<p>Et, si vous ne souhaitez pas recevoir de communications par courrier \u00e9lectronique, vous pouvez exercer votre droit d&#8217;annulation et d&#8217;opposition en demandant \u00e0 vous d\u00e9sabonner par courrier ordinaire ou par courrier \u00e9lectronique, ainsi que par le biais du lien que vous aurez dans chaque courrier \u00e9lectronique que vous recevrez de GEINCO.<\/p>\n<h3>7. Activit\u00e9 et finalit\u00e9 du traitement<\/h3>\n<p>GEINCO recueille les informations de chaque client\/fournisseur\/etc. pour la prestation de notre service d&#8217;envoi d&#8217;informations et de contact avec eux. Cat\u00e9gories de donn\u00e9es accessibles par le biais de ce site web :<\/p>\n<p>Donn\u00e9es d&#8217;identification (nom, pr\u00e9nom, courriel, t\u00e9l\u00e9phone, site internet, num\u00e9ro de TVA, etc.)<\/p>\n<p>&#8211; Transferts de donn\u00e9es par le responsable du traitement des donn\u00e9es :<\/p>\n<p>GEINCO informe les utilisateurs du site Web que leurs donn\u00e9es personnelles ne seront pas transf\u00e9r\u00e9es \u00e0 des tiers ou \u00e0 des organisations, sauf si le transfert des donn\u00e9es est couvert par une obligation l\u00e9gale ou si la prestation du service implique la n\u00e9cessit\u00e9 d&#8217;une relation contractuelle avec les prestataires de services charg\u00e9s du traitement. Dans ce dernier cas, les donn\u00e9es ne seront transf\u00e9r\u00e9es au tiers que lorsque GEINCO dispose du consentement expr\u00e8s de l&#8217;utilisateur et entretient une relation contractuelle avec le responsable du traitement des donn\u00e9es qui garantit la confidentialit\u00e9 et le respect des r\u00e8gles. GEINCO interdit express\u00e9ment \u00e0 l&#8217;utilisateur du site web de partager, fournir ou transf\u00e9rer des donn\u00e9es de tiers, qui peuvent \u00eatre obtenues par contact, interaction ou navigation ou consultation \u00e0 travers ce site web, sauf si l&#8217;autorisation expresse de l&#8217;utilisateur dont l&#8217;utilisateur entend transf\u00e9rer les donn\u00e9es peut \u00eatre accr\u00e9dit\u00e9e.<\/p>\n<p>Nous rappelons \u00e0 tous ceux qui utilisent ce site web que les DONN\u00c9ES PERSONNELLES comprennent \u00e9galement les fichiers d&#8217;images personnelles. L&#8217;image personnelle est une donn\u00e9e prot\u00e9g\u00e9e par la loi (article 5.1 du r\u00e8glement de d\u00e9veloppement de la LOPD). Par cons\u00e9quent, personne ne peut l&#8217;utiliser sans le consentement expr\u00e8s de la personne qui y figure.<\/p>\n<h3>8. L\u00e9gislation applicable<\/h3>\n<p>La politique de confidentialit\u00e9 de GEINCO est r\u00e9gie par les r\u00e8glements suivants :<\/p>\n<ul>\n<li>R\u00e8glement (UE) 2016\/679 du Parlement europ\u00e9en et du Conseil du 27 avril 2016 relatif \u00e0 la protection des personnes physiques \u00e0 l&#8217;\u00e9gard du traitement des donn\u00e9es \u00e0 caract\u00e8re personnel et \u00e0 la libre circulation de ces donn\u00e9es.<\/li>\n<li>Loi 34\/2002, du 11 juillet, sur les services de la soci\u00e9t\u00e9 de l&#8217;information et le commerce \u00e9lectronique (LSSI-CE).<\/li>\n<li>Loi organique 3\/2018, du 5 d\u00e9cembre, relative \u00e0 la protection des donn\u00e9es personnelles et \u00e0 la garantie des droits num\u00e9riques.<\/li>\n<\/ul>\n","protected":false},"excerpt":{"rendered":"<p>Politique de confidentialit\u00e9 1. Identifier les donn\u00e9es Geinco Projet Management, SL, ci-apr\u00e8s d\u00e9nomm\u00e9 GEINCO, propri\u00e9taire du domaine web www.geincogrupo.com, dont l&#8217;adresse est, \u00e0 ces fins, C\/ Periodista Jos\u00e9 Ombuena, 5-5-D 46010 Valencia, avec le num\u00e9ro C.I.F. : B98684319 et l&#8217;adresse \u00e9lectronique de contact : hola@tessel-les.com. 2. Protection des donn\u00e9es GEINCO, conform\u00e9ment \u00e0 la loi organique [&#8230;]\n","protected":false},"author":1,"featured_media":0,"parent":0,"menu_order":1000,"comment_status":"closed","ping_status":"closed","template":"","meta":{"inline_featured_image":false,"footnotes":""},"class_list":["post-820","page","type-page","status-publish","hentry"],"acf":[],"yoast_head":"<!-- This site is optimized with the Yoast SEO Premium plugin v22.5 (Yoast SEO v23.0) - https:\/\/yoast.com\/wordpress\/plugins\/seo\/ -->\n<title>Pol\u00edtica de privacidad - Tessel\u00b7les<\/title>\n<meta name=\"robots\" content=\"noindex, nofollow\" \/>\n<meta property=\"og:locale\" content=\"fr_FR\" \/>\n<meta property=\"og:type\" content=\"article\" \/>\n<meta property=\"og:title\" content=\"Pol\u00edtica de privacidad\" \/>\n<meta property=\"og:description\" content=\"Politique de confidentialit\u00e9 1. Identifier les donn\u00e9es Geinco Projet Management, SL, ci-apr\u00e8s d\u00e9nomm\u00e9 GEINCO, propri\u00e9taire du domaine web www.geincogrupo.com, dont l&#8217;adresse est, \u00e0 ces fins, C\/ Periodista Jos\u00e9 Ombuena, 5-5-D 46010 Valencia, avec le num\u00e9ro C.I.F. : B98684319 et l&#8217;adresse \u00e9lectronique de contact : hola@tessel-les.com. 2. Protection des donn\u00e9es GEINCO, conform\u00e9ment \u00e0 la loi organique [...]\" \/>\n<meta property=\"og:url\" content=\"https:\/\/tessel-les.com\/politica-de-privacidad\/\" \/>\n<meta property=\"og:site_name\" content=\"Tessel\u00b7les\" \/>\n<meta property=\"article:modified_time\" content=\"2022-11-10T19:09:58+00:00\" \/>\n<meta name=\"twitter:card\" content=\"summary_large_image\" \/>\n<meta name=\"twitter:label1\" content=\"Dur\u00e9e de lecture estim\u00e9e\" \/>\n\t<meta name=\"twitter:data1\" content=\"5 minutes\" \/>\n<script type=\"application\/ld+json\" class=\"yoast-schema-graph\">{\"@context\":\"https:\/\/schema.org\",\"@graph\":[{\"@type\":\"WebPage\",\"@id\":\"https:\/\/tessel-les.com\/politica-de-privacidad\/\",\"url\":\"https:\/\/tessel-les.com\/politica-de-privacidad\/\",\"name\":\"Pol\u00edtica de privacidad - Tessel\u00b7les\",\"isPartOf\":{\"@id\":\"https:\/\/tessel-les.com\/#website\"},\"datePublished\":\"2022-04-19T10:16:33+00:00\",\"dateModified\":\"2022-11-10T19:09:58+00:00\",\"breadcrumb\":{\"@id\":\"https:\/\/tessel-les.com\/politica-de-privacidad\/#breadcrumb\"},\"inLanguage\":\"fr-FR\",\"potentialAction\":[{\"@type\":\"ReadAction\",\"target\":[\"https:\/\/tessel-les.com\/politica-de-privacidad\/\"]}]},{\"@type\":\"BreadcrumbList\",\"@id\":\"https:\/\/tessel-les.com\/politica-de-privacidad\/#breadcrumb\",\"itemListElement\":[{\"@type\":\"ListItem\",\"position\":1,\"name\":\"Portada\",\"item\":\"https:\/\/tessel-les.com\/fr\/\"},{\"@type\":\"ListItem\",\"position\":2,\"name\":\"Pol\u00edtica de privacidad\"}]},{\"@type\":\"WebSite\",\"@id\":\"https:\/\/tessel-les.com\/#website\",\"url\":\"https:\/\/tessel-les.com\/\",\"name\":\"Tessel\u00b7les\",\"description\":\"\",\"potentialAction\":[{\"@type\":\"SearchAction\",\"target\":{\"@type\":\"EntryPoint\",\"urlTemplate\":\"https:\/\/tessel-les.com\/?s={search_term_string}\"},\"query-input\":\"required name=search_term_string\"}],\"inLanguage\":\"fr-FR\"}]}<\/script>\n<!-- \/ Yoast SEO Premium plugin. -->","yoast_head_json":{"title":"Pol\u00edtica de privacidad - Tessel\u00b7les","robots":{"index":"noindex","follow":"nofollow"},"og_locale":"fr_FR","og_type":"article","og_title":"Pol\u00edtica de privacidad","og_description":"Politique de confidentialit\u00e9 1. Identifier les donn\u00e9es Geinco Projet Management, SL, ci-apr\u00e8s d\u00e9nomm\u00e9 GEINCO, propri\u00e9taire du domaine web www.geincogrupo.com, dont l&#8217;adresse est, \u00e0 ces fins, C\/ Periodista Jos\u00e9 Ombuena, 5-5-D 46010 Valencia, avec le num\u00e9ro C.I.F. : B98684319 et l&#8217;adresse \u00e9lectronique de contact : hola@tessel-les.com. 2. Protection des donn\u00e9es GEINCO, conform\u00e9ment \u00e0 la loi organique [...]","og_url":"https:\/\/tessel-les.com\/politica-de-privacidad\/","og_site_name":"Tessel\u00b7les","article_modified_time":"2022-11-10T19:09:58+00:00","twitter_card":"summary_large_image","twitter_misc":{"Dur\u00e9e de lecture estim\u00e9e":"5 minutes"},"schema":{"@context":"https:\/\/schema.org","@graph":[{"@type":"WebPage","@id":"https:\/\/tessel-les.com\/politica-de-privacidad\/","url":"https:\/\/tessel-les.com\/politica-de-privacidad\/","name":"Pol\u00edtica de privacidad - Tessel\u00b7les","isPartOf":{"@id":"https:\/\/tessel-les.com\/#website"},"datePublished":"2022-04-19T10:16:33+00:00","dateModified":"2022-11-10T19:09:58+00:00","breadcrumb":{"@id":"https:\/\/tessel-les.com\/politica-de-privacidad\/#breadcrumb"},"inLanguage":"fr-FR","potentialAction":[{"@type":"ReadAction","target":["https:\/\/tessel-les.com\/politica-de-privacidad\/"]}]},{"@type":"BreadcrumbList","@id":"https:\/\/tessel-les.com\/politica-de-privacidad\/#breadcrumb","itemListElement":[{"@type":"ListItem","position":1,"name":"Portada","item":"https:\/\/tessel-les.com\/fr\/"},{"@type":"ListItem","position":2,"name":"Pol\u00edtica de privacidad"}]},{"@type":"WebSite","@id":"https:\/\/tessel-les.com\/#website","url":"https:\/\/tessel-les.com\/","name":"Tessel\u00b7les","description":"","potentialAction":[{"@type":"SearchAction","target":{"@type":"EntryPoint","urlTemplate":"https:\/\/tessel-les.com\/?s={search_term_string}"},"query-input":"required name=search_term_string"}],"inLanguage":"fr-FR"}]}},"_links":{"self":[{"href":"https:\/\/tessel-les.com\/fr\/wp-json\/wp\/v2\/pages\/820","targetHints":{"allow":["GET"]}}],"collection":[{"href":"https:\/\/tessel-les.com\/fr\/wp-json\/wp\/v2\/pages"}],"about":[{"href":"https:\/\/tessel-les.com\/fr\/wp-json\/wp\/v2\/types\/page"}],"author":[{"embeddable":true,"href":"https:\/\/tessel-les.com\/fr\/wp-json\/wp\/v2\/users\/1"}],"replies":[{"embeddable":true,"href":"https:\/\/tessel-les.com\/fr\/wp-json\/wp\/v2\/comments?post=820"}],"version-history":[{"count":4,"href":"https:\/\/tessel-les.com\/fr\/wp-json\/wp\/v2\/pages\/820\/revisions"}],"predecessor-version":[{"id":827,"href":"https:\/\/tessel-les.com\/fr\/wp-json\/wp\/v2\/pages\/820\/revisions\/827"}],"wp:attachment":[{"href":"https:\/\/tessel-les.com\/fr\/wp-json\/wp\/v2\/media?parent=820"}],"curies":[{"name":"wp","href":"https:\/\/api.w.org\/{rel}","templated":true}]}}